{"id":4066,"date":"2018-12-18T13:23:53","date_gmt":"2018-12-18T12:23:53","guid":{"rendered":"http:\/\/henrikhe.com\/opedal\/?page_id=4066"},"modified":"2025-05-28T13:21:38","modified_gmt":"2025-05-28T11:21:38","slug":"f-a-q","status":"publish","type":"page","link":"https:\/\/www.bragdoya.no\/index.php\/besokende\/f-a-q\/","title":{"rendered":"F.A.Q."},"content":{"rendered":"<div id=\"pl-4066\"  class=\"panel-layout\" ><div id=\"pg-4066-0\"  class=\"panel-grid panel-has-style\" ><div class=\"panel-row-style panel-row-style-for-4066-0\" ><div id=\"pgc-4066-0-0\"  class=\"panel-grid-cell\" ><div id=\"panel-4066-0-0-0\" class=\"so-panel widget panel-first-child panel-last-child\" data-index=\"0\" ><\/div><\/div><\/div><\/div><div id=\"pg-4066-1\"  class=\"panel-grid panel-has-style\" ><div class=\"panel-row-style panel-row-style-for-4066-1\" ><div id=\"pgc-4066-1-0\"  class=\"panel-grid-cell\" ><div id=\"panel-4066-1-0-0\" class=\"so-panel widget widget_sow-editor panel-first-child\" data-index=\"1\" ><div\n\t\t\t\n\t\t\tclass=\"so-widget-sow-editor so-widget-sow-editor-base\"\n\t\t\t\n\t\t>\n<div class=\"siteorigin-widget-tinymce textwidget\">\n\t<h3>F.A.Q.<\/h3>\n<\/div>\n<\/div><\/div><div id=\"panel-4066-1-0-1\" class=\"so-panel widget widget_sow-editor panel-last-child\" data-index=\"2\" ><div class=\"panel-widget-style panel-widget-style-for-4066-1-0-1\" ><div\n\t\t\t\n\t\t\tclass=\"so-widget-sow-editor so-widget-sow-editor-base\"\n\t\t\t\n\t\t>\n<div class=\"siteorigin-widget-tinymce textwidget\">\n\t<p><strong>Hvor g\u00e5r b\u00e5ten fra?<br \/>\n<\/strong>Bragd\u00f8yab\u00e5ten g\u00e5r fra Lumber, vis-\u00e0-vis Skyland trampolinepark.<br \/>\nBadeb\u00e5ten MS Bragd\u00f8ya og MB H\u00f8llen g\u00e5r fra Lumber og fra Tollkaia ved Kai 6 i Kristiansand sentrum, i enden av Tollbodgata.<\/p>\n<p><strong>G\u00e5r det b\u00e5t i helga?\u00a0<\/strong><br \/>\nDet g\u00e5r b\u00e5t fra Lumber p\u00e5 s\u00f8ndager f.o.m. f\u00f8rste helga i mai t.o.m. et par uker ut i september. Den g\u00e5r ikke p\u00e5 l\u00f8rdager.<br \/>\nBadeb\u00e5ten g\u00e5r i rute hver dag, ogs\u00e5 l\u00f8rdag og s\u00f8ndag, i skolens sommerferie.<br \/>\n<a href=\"https:\/\/www.bragdoya.no\/index.php\/besokende\/rutetider\/\">Sjekk rutetidene her.<\/a><\/p>\n<p><strong>Hvor kan jeg kj\u00f8pe billetter?\u00a0<\/strong><br \/>\nBilletter til rundturer samt fra byen til Bragd\u00f8ya om sommeren kan du kj\u00f8pe <a href=\"https:\/\/gotobooking.io\/en\/search?supplier_id=33095&amp;page=\">her<\/a>.<br \/>\nDet er ikke mulig \u00e5 forh\u00e5ndsbestille billett fra Lumber.<\/p>\n<p><strong>Kan jeg ha med barnevogn p\u00e5 b\u00e5ten?<\/strong><br \/>\nJa.<\/p>\n<p><strong>Kan vi ha med hund p\u00e5 b\u00e5ten?<\/strong><br \/>\nJa. Husk at det er b\u00e5ndtvang p\u00e5 Bragd\u00f8ya hele \u00e5ret.<\/p>\n<p><strong>M\u00e5 vi ha med redningsvester?<\/strong><br \/>\nDet er ikke n\u00f8dvendig med redningsvest om bord p\u00e5 v\u00e5re b\u00e5ter, med mindre man \u00f8nsker dette selv.<\/p>\n<p><strong>Kan jeg ha med rullestol p\u00e5 b\u00e5ten?<\/strong><br \/>\nDet er mulig \u00e5 ta om bord rullestoler, men vi b\u00f8r f\u00e5 beskjed p\u00e5 forh\u00e5nd.<br \/>\n<em>Det er for tiden dessverre ikke mulig \u00e5 f\u00e5 om bord rullestoler p\u00e5 Bragd\u00f8yab\u00e5ten fra brygga p\u00e5 Lumber. Ta kontakt med oss dersom det skulle v\u00e6re aktuelt.\u00a0<\/em><\/p>\n<p><strong>Kan vi overnatte i telt p\u00e5 Bragd\u00f8ya?<\/strong><br \/>\nJa. Bragd\u00f8ya er et offentlig friomr\u00e5de, og det er friluftslovens regler som gjelder.<br \/>\nDu kan sl\u00e5 opp telt stort sett hvor du m\u00e5tte \u00f8nske, men husk \u00e5 ta hensyn til andre. Vi \u00f8nsker ikke telt helt nede p\u00e5 stranda.<\/p>\n<p><strong>Er kafeen \u00e5pen p\u00e5 vinteren?<\/strong><br \/>\nNei. Men det er mulig \u00e5 f\u00e5 kj\u00f8pt kaffe eller te p\u00e5 p\u00e5 dagtid i ukedagene om vinteren, og medbrakt niste kan nytes i inne i kafeen.<\/p>\n<p><strong>Kan jeg f\u00e5 str\u00f8m til b\u00e5ten min?<\/strong><br \/>\nVi tilbyr dessverre ikke str\u00f8m til v\u00e5re gjester.<\/p>\n<p><strong>Hvor skal jeg gj\u00f8re av s\u00f8pla?<br \/>\n<\/strong>Det er ikke offentlig s\u00f8ppelh\u00e5ndtering p\u00e5 Bragd\u00f8ya, alt s\u00f8ppel m\u00e5 tas med til land.<\/p>\n<\/div>\n<\/div><\/div><\/div><\/div><\/div><\/div><\/div>","protected":false},"excerpt":{"rendered":"<p>F.A.Q. Hvor g\u00e5r b\u00e5ten fra? Bragd\u00f8yab\u00e5ten g\u00e5r fra Lumber, vis-\u00e0-vis Skyland trampolinepark. Badeb\u00e5ten MS Bragd\u00f8ya og MB H\u00f8llen g\u00e5r fra Lumber og fra Tollkaia ved Kai 6 i Kristiansand sentrum, i enden av Tollbodgata. G\u00e5r det b\u00e5t i helga?\u00a0 Det g\u00e5r b\u00e5t fra Lumber p\u00e5 s\u00f8ndager f.o.m. f\u00f8rste helga i mai t.o.m. et par uker&hellip; <br \/> <a class=\"read-more\" href=\"https:\/\/www.bragdoya.no\/index.php\/besokende\/f-a-q\/\">Read more<\/a><\/p>\n","protected":false},"author":1,"featured_media":0,"parent":291,"menu_order":0,"comment_status":"closed","ping_status":"closed","template":"","meta":[],"_links":{"self":[{"href":"https:\/\/www.bragdoya.no\/index.php\/wp-json\/wp\/v2\/pages\/4066"}],"collection":[{"href":"https:\/\/www.bragdoya.no\/index.php\/wp-json\/wp\/v2\/pages"}],"about":[{"href":"https:\/\/www.bragdoya.no\/index.php\/wp-json\/wp\/v2\/types\/page"}],"author":[{"embeddable":true,"href":"https:\/\/www.bragdoya.no\/index.php\/wp-json\/wp\/v2\/users\/1"}],"replies":[{"embeddable":true,"href":"https:\/\/www.bragdoya.no\/index.php\/wp-json\/wp\/v2\/comments?post=4066"}],"version-history":[{"count":36,"href":"https:\/\/www.bragdoya.no\/index.php\/wp-json\/wp\/v2\/pages\/4066\/revisions"}],"predecessor-version":[{"id":12009,"href":"https:\/\/www.bragdoya.no\/index.php\/wp-json\/wp\/v2\/pages\/4066\/revisions\/12009"}],"up":[{"embeddable":true,"href":"https:\/\/www.bragdoya.no\/index.php\/wp-json\/wp\/v2\/pages\/291"}],"wp:attachment":[{"href":"https:\/\/www.bragdoya.no\/index.php\/wp-json\/wp\/v2\/media?parent=4066"}],"curies":[{"name":"wp","href":"https:\/\/api.w.org\/{rel}","templated":true}]}}