{"id":267,"date":"2018-03-06T13:55:40","date_gmt":"2018-03-06T13:55:40","guid":{"rendered":"https:\/\/henrikhilmer.com\/opedal\/?page_id=267"},"modified":"2025-02-11T20:01:58","modified_gmt":"2025-02-11T19:01:58","slug":"selskaper","status":"publish","type":"page","link":"https:\/\/www.bragdoya.no\/index.php\/besokende\/utleie\/selskaper\/","title":{"rendered":"Selskaper"},"content":{"rendered":"<div id=\"pl-267\"  class=\"panel-layout\" ><div id=\"pg-267-0\"  class=\"panel-grid panel-has-style\" ><div class=\"panel-row-style panel-row-style-for-267-0\" ><div id=\"pgc-267-0-0\"  class=\"panel-grid-cell\" ><div id=\"panel-267-0-0-0\" class=\"so-panel widget panel-first-child panel-last-child\" data-index=\"0\" ><\/div><\/div><\/div><\/div><div id=\"pg-267-1\"  class=\"panel-grid panel-has-style\" ><div class=\"panel-row-style panel-row-style-for-267-1\" ><div id=\"pgc-267-1-0\"  class=\"panel-grid-cell\" ><div id=\"panel-267-1-0-0\" class=\"so-panel widget widget_sow-editor panel-first-child panel-last-child\" data-index=\"1\" ><div class=\"panel-widget-style panel-widget-style-for-267-1-0-0\" ><div\n\t\t\t\n\t\t\tclass=\"so-widget-sow-editor so-widget-sow-editor-base\"\n\t\t\t\n\t\t>\n<div class=\"siteorigin-widget-tinymce textwidget\">\n\t<h3 style=\"text-align: left;\"><em>\u00d8nsker du en unik ramme p\u00e5 ditt arrangement, kan Bragd\u00f8ya v\u00e6re akkurat det rette stedet. De rustikke lokalene, b\u00e5tturen ut og den maritime atmosf\u00e6ren er med p\u00e5 \u00e5 sette stemningen for et minneverdig opphold. Vi tilbyr ulike l\u00f8sninger slik at arrangementet blir\u00a0akkurat slik du \u00f8nsker.\u00a0Vi kan bist\u00e5 med b\u00e5de transport og servering - eller du kan ordne dette selv.<\/em><\/h3>\n<\/div>\n<\/div><\/div><\/div><\/div><\/div><\/div><div id=\"pg-267-2\"  class=\"panel-grid panel-has-style\" ><div class=\"panel-row-style panel-row-style-for-267-2\" ><div id=\"pgc-267-2-0\"  class=\"panel-grid-cell\" ><div id=\"panel-267-2-0-0\" class=\"so-panel widget widget_sow-editor panel-first-child panel-last-child\" data-index=\"2\" ><div\n\t\t\t\n\t\t\tclass=\"so-widget-sow-editor so-widget-sow-editor-base\"\n\t\t\t\n\t\t>\n<div class=\"siteorigin-widget-tinymce textwidget\">\n\t<h2 style=\"text-align: left;\"><span class=\"font-size-3\"><strong>Saltebua<\/strong><\/span><\/h2>\n<p style=\"text-align: left;\">Saltebua er kystlagets og Bragd\u00f8yas storstue. Lokalet kan leies til konferanser, firmaarrangementer, bryllup, jubileer, konserter - ja rett og slett til hva man m\u00e5tte \u00f8nske \u00e5 samle folk til i et unikt og stemningsfullt lokale. Saltebua ble p\u00e5 begynnelsen av nittenhundretallet benyttet til salting og pakking av makrell for eksport, og ble i 1986 etter mange \u00e5rs forfall reddet av entusiaster - krefter som i dag utgj\u00f8r Bragd\u00f8ya kystlag. Saltebua fremst\u00e5r i dag som et av byens mest spesielle utleielokaler.<\/p>\n<p style=\"text-align: left;\">Saltebua inneholder et stort selskapslokale hvor man kan dekke p\u00e5 til i overkant av 150 gjester for bespisning dersom man benytter begge etasjer. I hovedetasjen kan man dekke opp til rundt 100 personer. Som konsert- eller konferanselokale uten bespisning kan man huse opp til 200 personer. I tilknytning til Saltebua finnes ogs\u00e5 et mindre lokale som kalles kafeen, samt et storkj\u00f8kken med moderne utstyr og dekket\u00f8y til 150 personer.<\/p>\n<\/div>\n<\/div><\/div><\/div><\/div><\/div><div id=\"pg-267-3\"  class=\"panel-grid panel-has-style\" ><div class=\"panel-row-style panel-row-style-for-267-3\" ><div id=\"pgc-267-3-0\"  class=\"panel-grid-cell\" ><div id=\"panel-267-3-0-0\" class=\"so-panel widget widget_sow-hero panel-first-child panel-last-child\" data-index=\"3\" ><div\n\t\t\t\n\t\t\tclass=\"so-widget-sow-hero so-widget-sow-hero-default-372a2a279575-267 so-widget-fittext-wrapper\"\n\t\t\t data-fit-text-compressor=\"0.85\"\n\t\t>\t\t\t\t<div class=\"sow-slider-base\" style=\"display: none\" tabindex=\"0\">\n\t\t\t\t\t<ul\n\t\t\t\t\tclass=\"sow-slider-images\"\n\t\t\t\t\tdata-settings=\"{&quot;pagination&quot;:true,&quot;speed&quot;:800,&quot;timeout&quot;:8000,&quot;paused&quot;:false,&quot;pause_on_hover&quot;:false,&quot;swipe&quot;:true,&quot;nav_always_show_desktop&quot;:&quot;&quot;,&quot;nav_always_show_mobile&quot;:&quot;&quot;,&quot;breakpoint&quot;:&quot;780px&quot;,&quot;unmute&quot;:false,&quot;anchor&quot;:null}\"\n\t\t\t\t\tstyle=\"min-height: 400px\"\t\t\t\t\tdata-anchor-id=\"\"\n\t\t\t\t>\t\t<li class=\"sow-slider-image  sow-slider-image-cover\" style=\"visibility: visible;;background-color: #333333;background-image: url(https:\/\/www.bragdoya.no\/wp-content\/uploads\/2018\/05\/DSC_1840.jpg)\" >\n\t\t\t\t\t<div class=\"sow-slider-image-container\">\n\t\t\t<div class=\"sow-slider-image-wrapper\">\n\t\t\t\t\t\t\t<\/div>\n\t\t<\/div>\n\t\t\t\t<\/li>\n\t\t\t\t<li class=\"sow-slider-image  sow-slider-image-cover\" style=\"visibility: hidden;;background-color: #333333\" data-background=\"url(https:\/\/www.bragdoya.no\/wp-content\/uploads\/2018\/04\/serveringsaltebu.jpg)\" >\n\t\t\t\t\t<div class=\"sow-slider-image-container\">\n\t\t\t<div class=\"sow-slider-image-wrapper\">\n\t\t\t\t\t\t\t<\/div>\n\t\t<\/div>\n\t\t\t\t<\/li>\n\t\t\t\t<li class=\"sow-slider-image  sow-slider-image-cover\" style=\"visibility: hidden;;background-color: #333333\" data-background=\"url(https:\/\/www.bragdoya.no\/wp-content\/uploads\/2018\/05\/Saltebua-1.jpg)\" >\n\t\t\t\t\t<div class=\"sow-slider-image-container\">\n\t\t\t<div class=\"sow-slider-image-wrapper\">\n\t\t\t\t\t\t\t<\/div>\n\t\t<\/div>\n\t\t\t\t<\/li>\n\t\t\t\t<li class=\"sow-slider-image  sow-slider-image-cover\" style=\"visibility: hidden;;background-color: #333333\" data-background=\"url(https:\/\/www.bragdoya.no\/wp-content\/uploads\/2018\/05\/A.Lindvig-IMGP1207.jpg)\" >\n\t\t\t\t\t<div class=\"sow-slider-image-container\">\n\t\t\t<div class=\"sow-slider-image-wrapper\">\n\t\t\t\t\t\t\t<\/div>\n\t\t<\/div>\n\t\t\t\t<\/li>\n\t\t<\/ul>\t\t\t\t<ol class=\"sow-slider-pagination\">\n\t\t\t\t\t\t\t\t\t\t\t<li><a href=\"#\" data-goto=\"0\" aria-label=\"Display slide 1\"><\/a><\/li>\n\t\t\t\t\t\t\t\t\t\t\t<li><a href=\"#\" data-goto=\"1\" aria-label=\"Display slide 2\"><\/a><\/li>\n\t\t\t\t\t\t\t\t\t\t\t<li><a href=\"#\" data-goto=\"2\" aria-label=\"Display slide 3\"><\/a><\/li>\n\t\t\t\t\t\t\t\t\t\t\t<li><a href=\"#\" data-goto=\"3\" aria-label=\"Display slide 4\"><\/a><\/li>\n\t\t\t\t\t\t\t\t\t<\/ol>\n\n\t\t\t\t<div class=\"sow-slide-nav sow-slide-nav-next\">\n\t\t\t\t\t<a href=\"#\" data-goto=\"next\" aria-label=\"Next slide\" data-action=\"next\">\n\t\t\t\t\t\t<em class=\"sow-sld-icon-thin-right\"><\/em>\n\t\t\t\t\t<\/a>\n\t\t\t\t<\/div>\n\n\t\t\t\t<div class=\"sow-slide-nav sow-slide-nav-prev\">\n\t\t\t\t\t<a href=\"#\" data-goto=\"previous\" aria-label=\"Previous slide\" data-action=\"prev\">\n\t\t\t\t\t\t<em class=\"sow-sld-icon-thin-left\"><\/em>\n\t\t\t\t\t<\/a>\n\t\t\t\t<\/div>\n\t\t\t\t<\/div><\/div><\/div><\/div><\/div><\/div><div id=\"pg-267-4\"  class=\"panel-grid panel-has-style\" ><div class=\"panel-row-style panel-row-style-for-267-4\" ><div id=\"pgc-267-4-0\"  class=\"panel-grid-cell\" ><div id=\"panel-267-4-0-0\" class=\"so-panel widget widget_sow-editor panel-first-child\" data-index=\"4\" ><div class=\"panel-widget-style panel-widget-style-for-267-4-0-0\" ><div\n\t\t\t\n\t\t\tclass=\"so-widget-sow-editor so-widget-sow-editor-base\"\n\t\t\t\n\t\t>\n<div class=\"siteorigin-widget-tinymce textwidget\">\n\t<h4 style=\"text-align: left;\"><strong>Priser<\/strong><\/h4>\n<p style=\"text-align: left;\">Arrangementer p\u00e5 dagtid\/ukedager: fra kr 2 500,-<br \/>\nArrangementer p\u00e5 ettermiddag\/kveldstid: kr 7 500,- - 18 500,- avhengig av antall.<br \/>\nArrangementer fredag og l\u00f8rdag: kr 18 500,-<br \/>\nRigging til arrangement dagen f\u00f8r: fra kr 7 500,-<br \/>\nBryllup etc. m\/ rigging fredag + selskap l\u00f8rdag: kr 26 000,-<br \/>\nEnkel teknisk tilrigg + utstyr (PA-anlegg, mikrofon, projektor): kr 500,-<\/p>\n<\/div>\n<\/div><\/div><\/div><div id=\"panel-267-4-0-1\" class=\"so-panel widget widget_sow-editor panel-last-child\" data-index=\"5\" ><div\n\t\t\t\n\t\t\tclass=\"so-widget-sow-editor so-widget-sow-editor-base\"\n\t\t\t\n\t\t>\n<div class=\"siteorigin-widget-tinymce textwidget\">\n\t<h4 style=\"text-align: left;\"><strong>Utleietider<\/strong><\/h4>\n<p style=\"text-align: left;\">V\u00e5re lokaler kan i utgangspunktet leies til arrangementer fra v\u00e5ren og litt utover h\u00f8sten.<\/p>\n<p style=\"text-align: left;\">Utleie hverdager fra kl. 15.30 - 23.00.<br \/>\nUtleie l\u00f8rdag fra kl. 09.00 - 23.00.<\/p>\n<p style=\"text-align: left;\">Ta gjerne kontakt for mer informasjon om lokaler og priser, eller for \u00e5 avtale en besiktigelse.<\/p>\n<\/div>\n<\/div><\/div><\/div><\/div><\/div><div id=\"pg-267-5\"  class=\"panel-grid panel-has-style\" ><div class=\"so-parallax siteorigin-panels-stretch panel-row-style panel-row-style-for-267-5\" data-stretch-type=\"full-width-stretch\" ><img width=\"2560\" height=\"563\" src=\"https:\/\/www.bragdoya.no\/wp-content\/uploads\/2021\/04\/DSC_0496-4-scaled.jpg\" class=\"attachment-full size-full\" alt=\"\" decoding=\"async\" loading=\"eager\" data-siteorigin-parallax=\"true\" srcset=\"https:\/\/www.bragdoya.no\/wp-content\/uploads\/2021\/04\/DSC_0496-4-scaled.jpg 2560w, https:\/\/www.bragdoya.no\/wp-content\/uploads\/2021\/04\/DSC_0496-4-300x66.jpg 300w, https:\/\/www.bragdoya.no\/wp-content\/uploads\/2021\/04\/DSC_0496-4-1024x225.jpg 1024w, https:\/\/www.bragdoya.no\/wp-content\/uploads\/2021\/04\/DSC_0496-4-768x169.jpg 768w, https:\/\/www.bragdoya.no\/wp-content\/uploads\/2021\/04\/DSC_0496-4-1536x338.jpg 1536w, https:\/\/www.bragdoya.no\/wp-content\/uploads\/2021\/04\/DSC_0496-4-2048x450.jpg 2048w, https:\/\/www.bragdoya.no\/wp-content\/uploads\/2021\/04\/DSC_0496-4-16x4.jpg 16w, https:\/\/www.bragdoya.no\/wp-content\/uploads\/2021\/04\/DSC_0496-4-1920x422.jpg 1920w\" sizes=\"(max-width: 2560px) 100vw, 2560px\" \/><div id=\"pgc-267-5-0\"  class=\"panel-grid-cell\" ><div id=\"panel-267-5-0-0\" class=\"so-panel widget widget_sow-editor panel-first-child panel-last-child\" data-index=\"6\" ><div\n\t\t\t\n\t\t\tclass=\"so-widget-sow-editor so-widget-sow-editor-base\"\n\t\t\t\n\t\t>\n<div class=\"siteorigin-widget-tinymce textwidget\">\n\t<\/div>\n<\/div><\/div><\/div><\/div><\/div><div id=\"pg-267-6\"  class=\"panel-grid panel-has-style\" ><div class=\"panel-row-style panel-row-style-for-267-6\" ><div id=\"pgc-267-6-0\"  class=\"panel-grid-cell\" ><div id=\"panel-267-6-0-0\" class=\"so-panel widget widget_sow-editor panel-first-child\" data-index=\"7\" ><div\n\t\t\t\n\t\t\tclass=\"so-widget-sow-editor so-widget-sow-editor-base\"\n\t\t\t\n\t\t>\n<div class=\"siteorigin-widget-tinymce textwidget\">\n\t<h2 style=\"text-align: left;\"><strong>Traktering<\/strong><\/h2>\n<p style=\"text-align: left;\">Bragd\u00f8ya kystlag har en egen trakteringsgruppe som kan tilby traktering for st\u00f8rre og mindre selskaper. Vi tar oss da av alt fra borddekking og servering, til rydding og oppvask. Bordene dekkes etter \u00e5rstidene, og vi bruker gjerne friske blomster fra hagen og maritime effekter. Vi tilbyr normalt traktering <strong>mandag<\/strong>, <strong>onsdag<\/strong> og <strong>torsdag<\/strong> i m\u00e5nedene mai, juni, deler av august og september.<\/p>\n<\/div>\n<\/div><\/div><div id=\"panel-267-6-0-1\" class=\"so-panel widget widget_sow-editor\" data-index=\"8\" ><div\n\t\t\t\n\t\t\tclass=\"so-widget-sow-editor so-widget-sow-editor-base\"\n\t\t\t\n\t\t>\n<div class=\"siteorigin-widget-tinymce textwidget\">\n\t<h4 style=\"text-align: left;\"><strong>Meny - mye godt fra havet<\/strong><\/h4>\n<ul>\n<li style=\"list-style-type: none;\">\n<ul>\n<li style=\"list-style-type: none;\">\n<ul>\n<li style=\"list-style-type: none;\">\n<ul style=\"text-align: left;\">\n<li>Bragd\u00f8yas sj\u00f8matbuffet - v\u00e5r popul\u00e6re spesialitet! Finnes i to varianter<\/li>\n<li>Bragd\u00f8yas fiskesuppe<\/li>\n<li>Dessert<\/li>\n<li>Egne lunsjalternativer<\/li>\n<li>Andre middagsalternativer p\u00e5 foresp\u00f8rsel<\/li>\n<\/ul>\n<\/li>\n<\/ul>\n<\/li>\n<\/ul>\n<\/li>\n<\/ul>\n<p>Vi har skjenkebevilling for \u00f8l og vin.<\/p>\n<\/div>\n<\/div><\/div><div id=\"panel-267-6-0-2\" class=\"so-panel widget widget_sow-button panel-last-child\" data-index=\"9\" ><div\n\t\t\t\n\t\t\tclass=\"so-widget-sow-button so-widget-sow-button-flat-1c257871c066-267\"\n\t\t\t\n\t\t><div class=\"ow-button-base ow-button-align-left\"\n>\n\t\t\t<a\n\t\t\t\t\thref=\"https:\/\/www.bragdoya.no\/wp-content\/uploads\/2025\/02\/Meny-2025-1.pdf\"\n\t\t\t\t\tclass=\"sowb-button ow-icon-placement-left ow-button-hover\" target=\"_blank\" rel=\"noopener noreferrer\" \t>\n\t\t<span>\n\t\t\t\n\t\t\tMeny\t\t<\/span>\n\t\t\t<\/a>\n\t<\/div>\n<\/div><\/div><\/div><\/div><\/div><div id=\"pg-267-7\"  class=\"panel-grid panel-has-style\" ><div class=\"panel-row-style panel-row-style-for-267-7\" ><div id=\"pgc-267-7-0\"  class=\"panel-grid-cell\" ><div id=\"panel-267-7-0-0\" class=\"so-panel widget widget_sow-editor panel-first-child panel-last-child\" data-index=\"10\" ><div\n\t\t\t\n\t\t\tclass=\"so-widget-sow-editor so-widget-sow-editor-base\"\n\t\t\t\n\t\t>\n<div class=\"siteorigin-widget-tinymce textwidget\">\n\t<h2 style=\"text-align: left;\"><span class=\"font-size-3\"><strong>Mindre arrangementer<\/strong><\/span><\/h2>\n<p style=\"text-align: left;\">For mindre arrangementer kan vi anbefale leie av kafeen i Saltebua eller Gerrards villa for en mer intim og koselig atmosf\u00e6re. Bragd\u00f8ya kystlag tilbyr ikke traktering i disse lokalene, her m\u00e5 leietaker m\u00e5 st\u00e5 for alt selv. Det er ogs\u00e5 mulig \u00e5 leie en av v\u00e5re <a href=\"https:\/\/www.bragdoya.no\/index.php\/besokende\/utleie\/transport-charter\/\">b\u00e5ter<\/a>, dersom man \u00f8nsker \u00e5 kombinere et m\u00e5ltid med en rundtur i den vakre skj\u00e6rg\u00e5rden. Vi kan v\u00e6re behjelpelige med enkle m\u00e5ltider og drikke om bord.<\/p>\n<\/div>\n<\/div><\/div><\/div><\/div><\/div><div id=\"pg-267-8\"  class=\"panel-grid panel-has-style\" ><div class=\"panel-row-style panel-row-style-for-267-8\" ><div id=\"pgc-267-8-0\"  class=\"panel-grid-cell\" ><div id=\"panel-267-8-0-0\" class=\"so-panel widget widget_sow-editor panel-first-child panel-last-child\" data-index=\"11\" ><div\n\t\t\t\n\t\t\tclass=\"so-widget-sow-editor so-widget-sow-editor-base\"\n\t\t\t\n\t\t>\n<div class=\"siteorigin-widget-tinymce textwidget\">\n\t<h4 style=\"text-align: left;\"><strong>Kafeen <\/strong><\/h4>\n<p style=\"text-align: left;\">Kafeen ligger i tilknytning til selve Saltebua, og er et koselig og lunt lokale. Fra kafeen har man direkte tilgang til kj\u00f8kkenet med det som trengs av utstyr. I lokalet er det plass til oppdekking for rundt 25 personer.<\/p>\n<p style=\"text-align: left;\">Priser:<br \/>\nLeie p\u00e5 dagtid: kr 5 000,-<br \/>\nLeie ettermiddag og kveldstid: kr 7 500,-<\/p>\n<\/div>\n<\/div><\/div><\/div><div id=\"pgc-267-8-1\"  class=\"panel-grid-cell\" ><div id=\"panel-267-8-1-0\" class=\"so-panel widget widget_sow-image panel-first-child panel-last-child\" data-index=\"12\" ><div class=\"panel-widget-style panel-widget-style-for-267-8-1-0\" ><div\n\t\t\t\n\t\t\tclass=\"so-widget-sow-image so-widget-sow-image-default-dbf295114b96-267\"\n\t\t\t\n\t\t>\n<div class=\"sow-image-container\">\n\t\t<img \n\tsrc=\"https:\/\/www.bragdoya.no\/wp-content\/uploads\/2018\/04\/serveringcafe-e1580735703371-150x150.jpg\" width=\"150\" height=\"150\" sizes=\"(max-width: 150px) 100vw, 150px\" title=\"Servering kaf\u00e9\" alt=\"\" loading=\"lazy\" \t\tclass=\"so-widget-image\"\/>\n\t<\/div>\n\n<\/div><\/div><\/div><\/div><\/div><\/div><div id=\"pg-267-9\"  class=\"panel-grid panel-has-style\" ><div class=\"panel-row-style panel-row-style-for-267-9\" ><div id=\"pgc-267-9-0\"  class=\"panel-grid-cell\" ><div id=\"panel-267-9-0-0\" class=\"so-panel widget widget_sow-editor panel-first-child panel-last-child\" data-index=\"13\" ><div\n\t\t\t\n\t\t\tclass=\"so-widget-sow-editor so-widget-sow-editor-base\"\n\t\t\t\n\t\t>\n<div class=\"siteorigin-widget-tinymce textwidget\">\n\t<h4 style=\"text-align: left;\"><strong>Gerrards villa<\/strong><\/h4>\n<p style=\"text-align: left;\">Villaen ligger noen minutters gange innover p\u00e5 \u00f8ya, og turen opp er i seg selv en opplevelse. I villaen er det plass til oppdekking for i overkant av 20 personer. Her er det ogs\u00e5 mulighet for \u00e5 kombinere arrangementet med overnatting for inntil 10 personer.<\/p>\n<\/div>\n<\/div><\/div><\/div><div id=\"pgc-267-9-1\"  class=\"panel-grid-cell\" ><div id=\"panel-267-9-1-0\" class=\"so-panel widget widget_sow-image panel-first-child panel-last-child\" data-index=\"14\" ><div class=\"panel-widget-style panel-widget-style-for-267-9-1-0\" ><div\n\t\t\t\n\t\t\tclass=\"so-widget-sow-image so-widget-sow-image-default-dbf295114b96-267\"\n\t\t\t\n\t\t>\n<div class=\"sow-image-container\">\n\t\t<img \n\tsrc=\"https:\/\/www.bragdoya.no\/wp-content\/uploads\/2018\/12\/P1010502-2-e1544092425497-150x150.jpg\" width=\"150\" height=\"150\" sizes=\"(max-width: 150px) 100vw, 150px\" title=\"P1010502 (2)\" alt=\"\" loading=\"lazy\" \t\tclass=\"so-widget-image\"\/>\n\t<\/div>\n\n<\/div><\/div><\/div><\/div><\/div><\/div><div id=\"pg-267-10\"  class=\"panel-grid panel-has-style\" ><div class=\"siteorigin-panels-stretch panel-row-style panel-row-style-for-267-10\" data-stretch-type=\"full-width-stretch\" ><div id=\"pgc-267-10-0\"  class=\"panel-grid-cell\" ><div id=\"panel-267-10-0-0\" class=\"so-panel widget widget_sow-editor panel-first-child panel-last-child\" data-index=\"15\" ><div\n\t\t\t\n\t\t\tclass=\"so-widget-sow-editor so-widget-sow-editor-base\"\n\t\t\t\n\t\t>\n<div class=\"siteorigin-widget-tinymce textwidget\">\n\t<\/div>\n<\/div><\/div><\/div><\/div><\/div><\/div>","protected":false},"excerpt":{"rendered":"<p>\u00d8nsker du en unik ramme p\u00e5 ditt arrangement, kan Bragd\u00f8ya v\u00e6re akkurat det rette stedet. De rustikke lokalene, b\u00e5tturen ut og den maritime atmosf\u00e6ren er med p\u00e5 \u00e5 sette stemningen for et minneverdig opphold. Vi tilbyr ulike l\u00f8sninger slik at arrangementet blir\u00a0akkurat slik du \u00f8nsker.\u00a0Vi kan bist\u00e5 med b\u00e5de transport og servering &#8211; eller du&hellip; <br \/> <a class=\"read-more\" href=\"https:\/\/www.bragdoya.no\/index.php\/besokende\/utleie\/selskaper\/\">Read more<\/a><\/p>\n","protected":false},"author":1,"featured_media":3067,"parent":300,"menu_order":1,"comment_status":"closed","ping_status":"closed","template":"","meta":[],"_links":{"self":[{"href":"https:\/\/www.bragdoya.no\/index.php\/wp-json\/wp\/v2\/pages\/267"}],"collection":[{"href":"https:\/\/www.bragdoya.no\/index.php\/wp-json\/wp\/v2\/pages"}],"about":[{"href":"https:\/\/www.bragdoya.no\/index.php\/wp-json\/wp\/v2\/types\/page"}],"author":[{"embeddable":true,"href":"https:\/\/www.bragdoya.no\/index.php\/wp-json\/wp\/v2\/users\/1"}],"replies":[{"embeddable":true,"href":"https:\/\/www.bragdoya.no\/index.php\/wp-json\/wp\/v2\/comments?post=267"}],"version-history":[{"count":196,"href":"https:\/\/www.bragdoya.no\/index.php\/wp-json\/wp\/v2\/pages\/267\/revisions"}],"predecessor-version":[{"id":11525,"href":"https:\/\/www.bragdoya.no\/index.php\/wp-json\/wp\/v2\/pages\/267\/revisions\/11525"}],"up":[{"embeddable":true,"href":"https:\/\/www.bragdoya.no\/index.php\/wp-json\/wp\/v2\/pages\/300"}],"wp:featuredmedia":[{"embeddable":true,"href":"https:\/\/www.bragdoya.no\/index.php\/wp-json\/wp\/v2\/media\/3067"}],"wp:attachment":[{"href":"https:\/\/www.bragdoya.no\/index.php\/wp-json\/wp\/v2\/media?parent=267"}],"curies":[{"name":"wp","href":"https:\/\/api.w.org\/{rel}","templated":true}]}}