{"id":2639,"date":"2018-04-24T20:53:48","date_gmt":"2018-04-24T20:53:48","guid":{"rendered":"http:\/\/henrikhe.com\/opedal\/?page_id=2639"},"modified":"2025-05-06T16:45:17","modified_gmt":"2025-05-06T14:45:17","slug":"kjokken-og-kafe","status":"publish","type":"page","link":"https:\/\/www.bragdoya.no\/index.php\/for-medlemmer\/kjokken-og-kafe\/","title":{"rendered":"Kj\u00f8kken og kaf\u00e9"},"content":{"rendered":"<div id=\"pl-2639\"  class=\"panel-layout\" ><div id=\"pg-2639-0\"  class=\"panel-grid panel-has-style\" ><div class=\"panel-row-style panel-row-style-for-2639-0\" ><div id=\"pgc-2639-0-0\"  class=\"panel-grid-cell\" ><div id=\"panel-2639-0-0-0\" class=\"so-panel widget panel-first-child panel-last-child\" data-index=\"0\" ><\/div><\/div><\/div><\/div><div id=\"pg-2639-1\"  class=\"panel-grid panel-has-style\" ><div class=\"panel-row-style panel-row-style-for-2639-1\" ><div id=\"pgc-2639-1-0\"  class=\"panel-grid-cell\" ><div id=\"panel-2639-1-0-0\" class=\"so-panel widget widget_sow-editor panel-first-child\" data-index=\"1\" ><div class=\"panel-widget-style panel-widget-style-for-2639-1-0-0\" ><div\n\t\t\t\n\t\t\tclass=\"so-widget-sow-editor so-widget-sow-editor-base\"\n\t\t\t\n\t\t>\n<div class=\"siteorigin-widget-tinymce textwidget\">\n\t<h3 style=\"text-align: left;\"><strong>S\u00f8ndagskaf\u00e9<\/strong><\/h3>\n<p style=\"text-align: left;\">Kystlaget driver s\u00f8ndagskaf\u00e9 i Saltebua fra f\u00f8rste helga i mai til et par helger ut i september. Kaf\u00e9en serverer blant annet nystekte vafler, kaffe, is, mineralvann og p\u00f8lser, og gjerne ogs\u00e5 annen enkel mat.<\/p>\n<p style=\"text-align: left;\">Jobben som kaf\u00e9personale p\u00e5 s\u00f8ndagene fordeles blant frivillige i kystlaget som p\u00e5tar seg en eller flere dager med kaf\u00e9tjeneste. Kaf\u00e9en tar gjerne imot nye medlemmer til tjeneste. Det kreves ingen spesielle kunnskaper for \u00e5 bli med og det er trivelig \u00e5 ha kaf\u00e9ansvar en s\u00f8ndag eller to i l\u00f8pet av sesongen. N\u00f8dvendig oppl\u00e6ring vil bli gitt, og man vil alltid v\u00e6re minst to som st\u00e5r i kaf\u00e9en samtidig. Kaf\u00e9personalet m\u00e5 g\u00e5 ut med f\u00f8rste b\u00e5ten kl. 10 og inn med b\u00e5ten kl. 16.<\/p>\n<p style=\"text-align: left;\"><strong>Vil du v\u00e6re med?<\/strong><\/p>\n<\/div>\n<\/div><\/div><\/div><div id=\"panel-2639-1-0-1\" class=\"so-panel widget widget_sow-button\" data-index=\"2\" ><div\n\t\t\t\n\t\t\tclass=\"so-widget-sow-button so-widget-sow-button-atom-61bb47762591-2639\"\n\t\t\t\n\t\t><div class=\"ow-button-base ow-button-align-left\"\n>\n\t\t\t<a\n\t\t\t\t\thref=\"https:\/\/docs.google.com\/spreadsheets\/d\/1SUNKQnyfvD-NDWpLVeplSVWT8t5UV8i6\/edit?gid=267313245#gid=267313245\"\n\t\t\t\t\tclass=\"sowb-button ow-icon-placement-left ow-button-hover\" target=\"_blank\" rel=\"noopener noreferrer\" \t>\n\t\t<span>\n\t\t\t\n\t\t\tSe ledige s\u00f8ndager og meld deg p\u00e5 en vakt her\t\t<\/span>\n\t\t\t<\/a>\n\t<\/div>\n<\/div><\/div><div id=\"panel-2639-1-0-2\" class=\"so-panel widget widget_sow-editor panel-last-child\" data-index=\"3\" ><div\n\t\t\t\n\t\t\tclass=\"so-widget-sow-editor so-widget-sow-editor-base\"\n\t\t\t\n\t\t>\n<div class=\"siteorigin-widget-tinymce textwidget\">\n\t<p>For sp\u00f8rsm\u00e5l, kontakt saltebua@bragdoya.no eller ring 414 89 500.<\/p>\n<\/div>\n<\/div><\/div><\/div><\/div><\/div><div id=\"pg-2639-2\"  class=\"panel-grid panel-has-style\" ><div class=\"so-parallax siteorigin-panels-stretch panel-row-style panel-row-style-for-2639-2\" data-stretch-type=\"full-width-stretch\" ><img width=\"1400\" height=\"941\" src=\"https:\/\/www.bragdoya.no\/wp-content\/uploads\/2018\/03\/fullsizeoutput_23.jpg\" class=\"attachment-full size-full\" alt=\"\" decoding=\"async\" loading=\"eager\" data-siteorigin-parallax=\"true\" srcset=\"https:\/\/www.bragdoya.no\/wp-content\/uploads\/2018\/03\/fullsizeoutput_23.jpg 1400w, https:\/\/www.bragdoya.no\/wp-content\/uploads\/2018\/03\/fullsizeoutput_23-300x202.jpg 300w, https:\/\/www.bragdoya.no\/wp-content\/uploads\/2018\/03\/fullsizeoutput_23-768x516.jpg 768w, https:\/\/www.bragdoya.no\/wp-content\/uploads\/2018\/03\/fullsizeoutput_23-1024x688.jpg 1024w\" sizes=\"(max-width: 1400px) 100vw, 1400px\" \/><div id=\"pgc-2639-2-0\"  class=\"panel-grid-cell\" ><div id=\"panel-2639-2-0-0\" class=\"so-panel widget widget_sow-editor panel-first-child panel-last-child\" data-index=\"4\" ><div\n\t\t\t\n\t\t\tclass=\"so-widget-sow-editor so-widget-sow-editor-base\"\n\t\t\t\n\t\t>\n<div class=\"siteorigin-widget-tinymce textwidget\">\n\t<\/div>\n<\/div><\/div><\/div><\/div><\/div><div id=\"pg-2639-3\"  class=\"panel-grid panel-has-style\" ><div class=\"panel-row-style panel-row-style-for-2639-3\" ><div id=\"pgc-2639-3-0\"  class=\"panel-grid-cell\" ><div id=\"panel-2639-3-0-0\" class=\"so-panel widget widget_sow-editor panel-first-child panel-last-child\" data-index=\"5\" ><div\n\t\t\t\n\t\t\tclass=\"so-widget-sow-editor so-widget-sow-editor-base\"\n\t\t\t\n\t\t>\n<div class=\"siteorigin-widget-tinymce textwidget\">\n\t<h3 style=\"text-align: left;\"><strong>Arrangementer<\/strong><\/h3>\n<p style=\"text-align: left;\">Gjennom sesongen leier kystlaget ut lokaler til ulike arrangementer. Disse arrangementene utgj\u00f8r en god og viktig inntektskilde for kystlaget. For \u00e5 f\u00e5 til dette trenger vi medlemmer som \u00f8nsker \u00e5 bidra til at dette kan gjennomf\u00f8res p\u00e5 en god m\u00e5te.<\/p>\n<p style=\"text-align: left;\">Arrangementene er en aktivitet for deg som liker \u00e5 jobbe i team, og som trives med \u00e5 betjene gjester og yte god service. Det er behov for \u00e5 dekke mange ulike funksjoner, noe som gj\u00f8r det mulig for de fleste \u00e5 kunne bidra.<\/p>\n<p style=\"text-align: left;\">Ved enkelte arrangementer st\u00e5r kystlaget for traktering av gjestene. Vi rigger og pynter bord, hjelper til med \u00e5 servere mat (som tilberedes av en egen kokk), st\u00e5r i baren, rydder og tar oppvasken, og vinker gjestene av sted fra brygga ved kveldens slutt. Vi \u00f8nsker alltid flere som er interessert i \u00e5 bidra som trakteringspersonale, enten man vil bidra med forberedelser i forkant eller servering underveis og oppvask og rydding i etterkant. Trakteringsgruppa har en egen <a href=\"https:\/\/www.facebook.com\/groups\/trakteringsgruppa\">facebookgruppe<\/a> der medlemmene holdes oppdatert p\u00e5 kommende arrangementer.<\/p>\n<p style=\"text-align: left;\">Ved noen arrangementer er gjestene selv ansvarlig for mat og drikke. Kystlaget stiller da med en vaktmester, med ansvar for \u00e5 l\u00e5se opp, vise gjestene til rette, svare p\u00e5 sp\u00f8rsm\u00e5l og se til at alt er greit ved arrangementets slutt.<\/p>\n<p style=\"text-align: left;\">Denne formen for dugnad er b\u00e5de g\u00f8y og sosialt!<\/p>\n<\/div>\n<\/div><\/div><\/div><\/div><\/div><\/div>","protected":false},"excerpt":{"rendered":"<p>S\u00f8ndagskaf\u00e9 Kystlaget driver s\u00f8ndagskaf\u00e9 i Saltebua fra f\u00f8rste helga i mai til et par helger ut i september. Kaf\u00e9en serverer blant annet nystekte vafler, kaffe, is, mineralvann og p\u00f8lser, og gjerne ogs\u00e5 annen enkel mat. Jobben som kaf\u00e9personale p\u00e5 s\u00f8ndagene fordeles blant frivillige i kystlaget som p\u00e5tar seg en eller flere dager med kaf\u00e9tjeneste. Kaf\u00e9en&hellip; <br \/> <a class=\"read-more\" href=\"https:\/\/www.bragdoya.no\/index.php\/for-medlemmer\/kjokken-og-kafe\/\">Read more<\/a><\/p>\n","protected":false},"author":1,"featured_media":0,"parent":62,"menu_order":6,"comment_status":"closed","ping_status":"closed","template":"","meta":[],"_links":{"self":[{"href":"https:\/\/www.bragdoya.no\/index.php\/wp-json\/wp\/v2\/pages\/2639"}],"collection":[{"href":"https:\/\/www.bragdoya.no\/index.php\/wp-json\/wp\/v2\/pages"}],"about":[{"href":"https:\/\/www.bragdoya.no\/index.php\/wp-json\/wp\/v2\/types\/page"}],"author":[{"embeddable":true,"href":"https:\/\/www.bragdoya.no\/index.php\/wp-json\/wp\/v2\/users\/1"}],"replies":[{"embeddable":true,"href":"https:\/\/www.bragdoya.no\/index.php\/wp-json\/wp\/v2\/comments?post=2639"}],"version-history":[{"count":50,"href":"https:\/\/www.bragdoya.no\/index.php\/wp-json\/wp\/v2\/pages\/2639\/revisions"}],"predecessor-version":[{"id":11954,"href":"https:\/\/www.bragdoya.no\/index.php\/wp-json\/wp\/v2\/pages\/2639\/revisions\/11954"}],"up":[{"embeddable":true,"href":"https:\/\/www.bragdoya.no\/index.php\/wp-json\/wp\/v2\/pages\/62"}],"wp:attachment":[{"href":"https:\/\/www.bragdoya.no\/index.php\/wp-json\/wp\/v2\/media?parent=2639"}],"curies":[{"name":"wp","href":"https:\/\/api.w.org\/{rel}","templated":true}]}}