{"id":2470,"date":"2018-04-17T10:00:02","date_gmt":"2018-04-17T10:00:02","guid":{"rendered":"http:\/\/henrikhe.com\/opedal\/?page_id=2470"},"modified":"2023-03-23T10:57:02","modified_gmt":"2023-03-23T09:57:02","slug":"smabatgruppa","status":"publish","type":"page","link":"https:\/\/www.bragdoya.no\/index.php\/om-oss\/medlemsinformasjon\/grupper\/smabatgruppa\/","title":{"rendered":"Sm\u00e5b\u00e5tgruppa"},"content":{"rendered":"<div id=\"pl-2470\"  class=\"panel-layout\" ><div id=\"pg-2470-0\"  class=\"panel-grid panel-has-style\" ><div class=\"panel-row-style panel-row-style-for-2470-0\" ><div id=\"pgc-2470-0-0\"  class=\"panel-grid-cell panel-grid-cell-mobile-last\" ><div id=\"panel-2470-0-0-0\" class=\"so-panel widget widget_sow-editor panel-first-child panel-last-child\" data-index=\"0\" ><div class=\"panel-widget-style panel-widget-style-for-2470-0-0-0\" ><div\n\t\t\t\n\t\t\tclass=\"so-widget-sow-editor so-widget-sow-editor-base\"\n\t\t\t\n\t\t>\n<div class=\"siteorigin-widget-tinymce textwidget\">\n\t<h3>Sm\u00e5b\u00e5tgruppa<\/h3>\n<\/div>\n<\/div><\/div><\/div><\/div><div id=\"pgc-2470-0-1\"  class=\"panel-grid-cell panel-grid-cell-empty\" ><\/div><\/div><\/div><div id=\"pg-2470-1\"  class=\"panel-grid panel-has-style\" ><div class=\"panel-row-style panel-row-style-for-2470-1\" ><div id=\"pgc-2470-1-0\"  class=\"panel-grid-cell\" ><div id=\"panel-2470-1-0-0\" class=\"so-panel widget widget_sow-editor panel-first-child panel-last-child\" data-index=\"1\" ><div class=\"panel-widget-style panel-widget-style-for-2470-1-0-0\" ><div\n\t\t\t\n\t\t\tclass=\"so-widget-sow-editor so-widget-sow-editor-base\"\n\t\t\t\n\t\t>\n<div class=\"siteorigin-widget-tinymce textwidget\">\n\t<p>Sm\u00e5b\u00e5tgruppa har ansvar for stell og bruk av alle sm\u00e5b\u00e5tene p\u00e5 Bragd\u00f8ya.<\/p>\n<p>Sm\u00e5b\u00e5tene er vanligvis p\u00e5 vannet fra mai til oktober. I den perioden pr\u00f8ver vi \u00e5 bruke mye av tiden p\u00e5 \u00e5 ro og seile ute i skj\u00e6rg\u00e5rden.<\/p>\n<p>H\u00f8st og vinter er det vedlikehold og stell av b\u00e5tene, samt klargj\u00f8ring p\u00e5 v\u00e5ren f\u00f8r b\u00e5tene settes ut.<\/p>\n<p>Her er det en unik mulighet for alle som har lyst til \u00e5 l\u00e6re mer om vedlikehold samt utf\u00f8re sm\u00e5 og store reparasjoner.<\/p>\n<p>Det er aktivitet i sm\u00e5b\u00e5tbua de fleste tirsdagskvelder hele \u00e5ret, og ofte ogs\u00e5 p\u00e5 dagtid i ukedagene.<\/p>\n<p>Vil du v\u00e6re med?<br \/>\nTa kontakt med leder for sm\u00e5b\u00e5tgruppa, <a href=\"mailto:olav.rykkelid@icloud.com\">Olav Rykkelid<\/a>.<\/p>\n<p>&nbsp;<\/p>\n<p>Den tidligere rolivgruppa h\u00f8rer n\u00e5 til under sm\u00e5b\u00e5tgruppa.<\/p>\n<p>Her er det stort fokus p\u00e5 roturer, seilturer, turer med b\u00e5l og god mat og arbeid med kystlagets b\u00e5ter.<\/p>\n<\/div>\n<\/div><\/div><\/div><\/div><div id=\"pgc-2470-1-1\"  class=\"panel-grid-cell\" ><div id=\"panel-2470-1-1-0\" class=\"so-panel widget widget_sow-image panel-first-child panel-last-child\" data-index=\"2\" ><div\n\t\t\t\n\t\t\tclass=\"so-widget-sow-image so-widget-sow-image-default-8b5b6f678277-2470\"\n\t\t\t\n\t\t>\n<div class=\"sow-image-container\">\n\t\t<img \n\tsrc=\"https:\/\/www.bragdoya.no\/wp-content\/uploads\/2018\/04\/A.Lindvig-IMGP0275-e1573119575158-300x225.jpg\" width=\"300\" height=\"225\" srcset=\"https:\/\/www.bragdoya.no\/wp-content\/uploads\/2018\/04\/A.Lindvig-IMGP0275-e1573119575158-300x225.jpg 300w, https:\/\/www.bragdoya.no\/wp-content\/uploads\/2018\/04\/A.Lindvig-IMGP0275-e1573119575158.jpg 301w\" sizes=\"(max-width: 300px) 100vw, 300px\" title=\"A.Lindvig-IMGP0275\" alt=\"\" loading=\"lazy\" \t\tclass=\"so-widget-image\"\/>\n\t<\/div>\n\n<\/div><\/div><\/div><\/div><\/div><\/div>","protected":false},"excerpt":{"rendered":"<p>Sm\u00e5b\u00e5tgruppa Sm\u00e5b\u00e5tgruppa har ansvar for stell og bruk av alle sm\u00e5b\u00e5tene p\u00e5 Bragd\u00f8ya. Sm\u00e5b\u00e5tene er vanligvis p\u00e5 vannet fra mai til oktober. I den perioden pr\u00f8ver vi \u00e5 bruke mye av tiden p\u00e5 \u00e5 ro og seile ute i skj\u00e6rg\u00e5rden. H\u00f8st og vinter er det vedlikehold og stell av b\u00e5tene, samt klargj\u00f8ring p\u00e5 v\u00e5ren f\u00f8r&hellip; <br \/> <a class=\"read-more\" href=\"https:\/\/www.bragdoya.no\/index.php\/om-oss\/medlemsinformasjon\/grupper\/smabatgruppa\/\">Read more<\/a><\/p>\n","protected":false},"author":1,"featured_media":701,"parent":95,"menu_order":0,"comment_status":"closed","ping_status":"closed","template":"","meta":[],"_links":{"self":[{"href":"https:\/\/www.bragdoya.no\/index.php\/wp-json\/wp\/v2\/pages\/2470"}],"collection":[{"href":"https:\/\/www.bragdoya.no\/index.php\/wp-json\/wp\/v2\/pages"}],"about":[{"href":"https:\/\/www.bragdoya.no\/index.php\/wp-json\/wp\/v2\/types\/page"}],"author":[{"embeddable":true,"href":"https:\/\/www.bragdoya.no\/index.php\/wp-json\/wp\/v2\/users\/1"}],"replies":[{"embeddable":true,"href":"https:\/\/www.bragdoya.no\/index.php\/wp-json\/wp\/v2\/comments?post=2470"}],"version-history":[{"count":35,"href":"https:\/\/www.bragdoya.no\/index.php\/wp-json\/wp\/v2\/pages\/2470\/revisions"}],"predecessor-version":[{"id":9662,"href":"https:\/\/www.bragdoya.no\/index.php\/wp-json\/wp\/v2\/pages\/2470\/revisions\/9662"}],"up":[{"embeddable":true,"href":"https:\/\/www.bragdoya.no\/index.php\/wp-json\/wp\/v2\/pages\/95"}],"wp:featuredmedia":[{"embeddable":true,"href":"https:\/\/www.bragdoya.no\/index.php\/wp-json\/wp\/v2\/media\/701"}],"wp:attachment":[{"href":"https:\/\/www.bragdoya.no\/index.php\/wp-json\/wp\/v2\/media?parent=2470"}],"curies":[{"name":"wp","href":"https:\/\/api.w.org\/{rel}","templated":true}]}}