{"id":205,"date":"2018-03-02T15:31:02","date_gmt":"2018-03-02T15:31:02","guid":{"rendered":"https:\/\/henrikhilmer.com\/opedal\/?page_id=205"},"modified":"2024-05-06T10:57:50","modified_gmt":"2024-05-06T08:57:50","slug":"bragdoya-og-kystkultursenteret","status":"publish","type":"page","link":"https:\/\/www.bragdoya.no\/index.php\/om-oss\/bragdoya-og-kystkultursenteret\/","title":{"rendered":"Bragd\u00f8ya og kystkultursenteret"},"content":{"rendered":"<div id=\"pl-205\"  class=\"panel-layout\" ><div id=\"pg-205-0\"  class=\"panel-grid panel-has-style\" ><div class=\"panel-row-style panel-row-style-for-205-0\" ><div id=\"pgc-205-0-0\"  class=\"panel-grid-cell\" ><div id=\"panel-205-0-0-0\" class=\"so-panel widget panel-first-child panel-last-child\" data-index=\"0\" ><\/div><\/div><\/div><\/div><div id=\"pg-205-1\"  class=\"panel-grid panel-has-style\" ><div class=\"panel-row-style panel-row-style-for-205-1\" ><div id=\"pgc-205-1-0\"  class=\"panel-grid-cell\" ><div id=\"panel-205-1-0-0\" class=\"so-panel widget widget_sow-editor panel-first-child panel-last-child\" data-index=\"1\" ><div\n\t\t\t\n\t\t\tclass=\"so-widget-sow-editor so-widget-sow-editor-base\"\n\t\t\t\n\t\t>\n<div class=\"siteorigin-widget-tinymce textwidget\">\n\t<h2>OM BRAGD\u00d8YA<\/h2>\n<p style=\"text-align: left;\">Bragd\u00f8ya er et kommunalt friomr\u00e5de i hjertet av Kristiansands byfjord. Omr\u00e5det omfatter ogs\u00e5 Timlingene, Svensholmen, Blomster\u00f8ya, Lang\u00f8ya, Ragnhildsholmen og Hestehauet. I alt 925 m\u00e5l skj\u00e6rg\u00e5rdsnatur og kulturhistorie som tilh\u00f8rer allmennheten. P\u00e5 vestsiden av \u00f8ya finner du Kystkultursenteret som spiller en sentral rolle i utviklingen av Bragd\u00f8ya som friluftsomr\u00e5de. Det er Bragd\u00f8ya kystlag har ansvar for drift av anlegget.<\/p>\n<p style=\"text-align: left;\">Bragd\u00f8ya er p\u00e5 mange m\u00e5ter en typisk s\u00f8rlandsk skj\u00e6rg\u00e5rds\u00f8y, sm\u00e5kupert med knauser og knatter, lune s\u00f8kk og jordlapper innimellom som gir rom for et mangfoldig plante- og dyreliv.\u00a0 \u00d8ya domineres av furuskog, ispedd eik, bj\u00f8rk, osp og annen tre- og buskvegetasjon. P\u00e5 \u00f8ya er det omr\u00e5der med lyng, myr og gammel kulturmark. I tillegg finner man fine sandstrender og lune svaberg perfekt for soling og badeliv. P\u00e5 Bragd\u00f8ya kan du treffe p\u00e5 villsau hele \u00e5ret. Den tradisjonelle utegangersauen klarer seg stort sett selv, og hjelper til med \u00e5 holde kulturlandskapet ved like.<\/p>\n<p style=\"text-align: left;\">Bragd\u00f8ya Kystlag ble stiftet i 1986, med en hovedvisjon om at Bragd\u00f8ya skulle bli tilgjengelig for alle. I dag er kystlaget det st\u00f8rste i landet, med rundt 750 medlemmer. Utallige dugnadstimer ligger bak oppbyggingen av Bragd\u00f8ya Kystkultursenter slik vi kjenner det i dag.<\/p>\n<p style=\"text-align: left;\">Hvis du \u00f8nsker \u00e5 oppleve Bragd\u00f8ya, g\u00e5r det skyssb\u00e5t fra Lumber hele \u00e5ret. Det er ogs\u00e5 gode muligheter for \u00e5 legge til med egen b\u00e5t. I sommersesongen er det \u00e5pen kaf\u00e9, og badeb\u00e5ten MS Bragd\u00f8ya har fast stoppested her flere ganger daglig. P\u00e5 fine dager er det et yrende liv p\u00e5 den popul\u00e6re badestranda, og muligheter for \u00e5 l\u00e5ne b\u00e5de rob\u00e5ter og putter. \u00d8nsker du litt mer avslappende omgivelser kan du finne deg en roligere plass p\u00e5 et av de mange svabergene rundt \u00f8ya. Vil du ha deg en spasertur kan du f\u00f8lge en av de merkede turl\u00f8ypene i variert natur eller utforske de mange spennende stedene p\u00e5 \u00f8ya p\u00e5 egenh\u00e5nd. Turkart er tilgjengelig i kaf\u00e9en. For de sporty er det en egen aktivitetsl\u00f8ype i Den glemte dal. \u00d8nsker du \u00e5 forlenge oppholdet kan du sl\u00e5 opp telt p\u00e5 en av gresslettene, eller benytte deg av et av de ulike overnattingstilbudene p\u00e5 \u00f8ya.<\/p>\n<p style=\"text-align: left;\">Koordinater: 58\u00b07\u20326,0924\u2033N 7\u00b059\u203234,120\u2033\u00d8<\/p>\n<p style=\"text-align: left;\">\n<\/div>\n<\/div><\/div><\/div><\/div><\/div><div id=\"pg-205-2\"  class=\"panel-grid panel-has-style\" ><div class=\"so-parallax siteorigin-panels-stretch panel-row-style panel-row-style-for-205-2\" data-stretch-type=\"full-width-stretch\" ><img width=\"1400\" height=\"941\" src=\"https:\/\/www.bragdoya.no\/wp-content\/uploads\/2018\/03\/fullsizeoutput_23.jpg\" class=\"attachment-full size-full\" alt=\"\" decoding=\"async\" loading=\"eager\" data-siteorigin-parallax=\"true\" srcset=\"https:\/\/www.bragdoya.no\/wp-content\/uploads\/2018\/03\/fullsizeoutput_23.jpg 1400w, https:\/\/www.bragdoya.no\/wp-content\/uploads\/2018\/03\/fullsizeoutput_23-300x202.jpg 300w, https:\/\/www.bragdoya.no\/wp-content\/uploads\/2018\/03\/fullsizeoutput_23-768x516.jpg 768w, https:\/\/www.bragdoya.no\/wp-content\/uploads\/2018\/03\/fullsizeoutput_23-1024x688.jpg 1024w\" sizes=\"(max-width: 1400px) 100vw, 1400px\" \/><div id=\"pgc-205-2-0\"  class=\"panel-grid-cell\" ><div id=\"panel-205-2-0-0\" class=\"so-panel widget widget_sow-editor panel-first-child panel-last-child\" data-index=\"2\" ><div\n\t\t\t\n\t\t\tclass=\"so-widget-sow-editor so-widget-sow-editor-base\"\n\t\t\t\n\t\t>\n<div class=\"siteorigin-widget-tinymce textwidget\">\n\t<\/div>\n<\/div><\/div><\/div><\/div><\/div><div id=\"pg-205-3\"  class=\"panel-grid panel-has-style\" ><div class=\"panel-row-style panel-row-style-for-205-3\" ><div id=\"pgc-205-3-0\"  class=\"panel-grid-cell\" ><div id=\"panel-205-3-0-0\" class=\"so-panel widget widget_sow-editor panel-first-child\" data-index=\"3\" ><div\n\t\t\t\n\t\t\tclass=\"so-widget-sow-editor so-widget-sow-editor-base\"\n\t\t\t\n\t\t>\n<div class=\"siteorigin-widget-tinymce textwidget\">\n\t<h2 style=\"text-align: left;\"><strong>BRAGD\u00d8YA KYSTKULTURSENTER<\/strong><\/h2>\n<h3 style=\"text-align: left;\"><strong>Sj\u00f8husene<\/strong><\/h3>\n<p style=\"text-align: left;\">I 1915 reiste Johan Gerrard to store sj\u00f8hus p\u00e5 vestsiden av Bragd\u00f8ya. De gikk under navnet bodene, henholdsvis \u00f8stre og vestre bod. Her ble det saltet og pakket makrell for eksport. Men virksomheten gikk ikke spesielt godt, og i mellomkrigstiden opph\u00f8rte den. I dag kalles de to gamle bygningene Saltebua (\u00f8stre) og Verkstedbua (vestre). I tillegg er det oppf\u00f8rt fire nye bygninger p\u00e5 senteret: Sm\u00e5b\u00e5tbua, Motorbua, garasjen og sanit\u00e6rbygget.<\/p>\n<h3 style=\"text-align: left;\"><strong>Saltebua med sommerkaf\u00e9<\/strong><\/h3>\n<p style=\"text-align: left;\">Saltebua er senter for de fleste av kystlagets aktiviteter. Her er det b\u00e5de kaf\u00e9, selskapslokale, bibliotek og kontor, samt en utstilling som presenterer makrellen og makrellfisket p\u00e5 s\u00f8rlandskysten. De fleste av lagets b\u00e5ter kan tas i \u00f8yesyn i havna utenfor.<\/p>\n<p style=\"text-align: left;\">S\u00f8ndager fra starten av mai til starten av september, samt hver dag i skolens sommerferie, driver kystlaget en enkel kaf\u00e9 i Saltebua. Kaf\u00e9en selger vanligvis kaffe, vafler, p\u00f8lser, is og mineralvann. Saltebua er \u00e5pen slik at bes\u00f8kende kan f\u00e5 tak over hodet ved bes\u00f8k p\u00e5 \u00f8ya.<\/p>\n<h3 style=\"text-align: left;\"><strong>Verksteder og slipp<\/strong><\/h3>\n<p style=\"text-align: left;\">I sm\u00e5b\u00e5tbua finnes enkelt utstyr og plass til \u00e5 vedlikeholde sm\u00e5b\u00e5tene p\u00e5 \u00f8ya. I andre etasje er det vevloft og kurslokaler. I verkstedbua har kystlaget snekkerverksted til disposisjon for medlemmene. Snekkermaskinene m\u00e5 en ha oppl\u00e6ring for \u00e5 f\u00e5 bruke, og kurs i snekkermaskiner arrangeres jevnlig. I tilknytning til snekkerverkstedet er det et enkelt b\u00e5tverksted. Kystlagets b\u00e5tbyggere har sitt daglige virke i verkstedbua. Slippen p\u00e5 Bragd\u00f8ya tar b\u00e5ter opp til ca. 35 fot.<\/p>\n<p style=\"text-align: left;\">Motorbua og maskinverkstedet er arbeids- og lekeplass for de medlemmene som liker olje og rustne gamle motorer. Her arbeides det med \u00e5 restaurere og stille ut aldrende slitere som er reddet fra skraphandleren. I tillegg kan medlemmer med \"motortr\u00f8bbel\" pr\u00f8ve \u00e5 gj\u00f8re noe med problemene i maskinverkstedet.<\/p>\n<p style=\"text-align: left;\">Arbeidet p\u00e5 \u00f8ya krever mye utstyr. Gjennom \u00e5rene har kystlaget skaffet seg, f\u00e5tt eller arvet mye som trenger plass. I 2007 ble det innredet en smie i verkstedsbua. I 2008 ble det bygget en garasje for \u00e5 huse de to sm\u00e5 traktorene som ble husl\u00f8se da smia ble montert.<\/p>\n<\/div>\n<\/div><\/div><div id=\"panel-205-3-0-1\" class=\"so-panel widget widget_sow-editor\" data-index=\"4\" ><div\n\t\t\t\n\t\t\tclass=\"so-widget-sow-editor so-widget-sow-editor-base\"\n\t\t\t\n\t\t>\n<div class=\"siteorigin-widget-tinymce textwidget\">\n\t<h3 style=\"text-align: left;\"><span class=\"font-size-3\"><strong>Ansatte<\/strong><\/span><\/h3>\n<p style=\"text-align: left;\">Det er Bragd\u00f8ya kystlag som drifter kystkultursenteret. Kystlaget er i hovedsak drevet av frivillige, men det er noen ansatte som s\u00f8rger for at alt g\u00e5r som det skal.<\/p>\n<ul style=\"text-align: left;\">\n<li><em>Daglig leder Maiken Somby Fl\u00e5gan<br \/>\n<\/em>Maiken leder administrasjonen p\u00e5 \u00f8ya, og har som hovedoppgave \u00e5 koordinere aktiviteten i kystlaget.<\/li>\n<li><em>Driftsleder Frode Granli<\/em><br \/>\nFrode er ofte \u00e5 treffe p\u00e5 kystkultursenteret. Han har ansvar for den daglige driften av kystkultursenteret.<\/li>\n<li><em>Kontormedarbeider Tone Svanevik Grov<\/em><br \/>\nTone betjener kontoret og har ansvar for blant annet booking.<\/li>\n<li><em>Skysskar Jan Terkelsen<\/em><br \/>\nJan er fast skipper p\u00e5 Bragd\u00f8yab\u00e5ten. \"Kaptein Jan\" frakter ofte barnehagebarn og skoleelever til og fra \u00f8ya - og er barnas store helt.<\/li>\n<li><em>Skipsf\u00f8rer Geir Bu\u00e5s<\/em><br \/>\nGeir har dr\u00f8mmejobben med \u00e5 kj\u00f8re \"Badeb\u00e5ten\" hver sommer. I tillegg frakter han gjester til og fra \u00f8ya med MS Bragd\u00f8ya, samt tar en sightseeingrunde p\u00e5 fjorden i ny og ne.<\/li>\n<li><em>B\u00e5tf\u00f8rer Ove Dag Johnsen<\/em><br \/>\nOve Dag er fast mann i styrhuset p\u00e5 MB H\u00f8llen, som g\u00e5r i fast rute om sommeren i tillegg til \u00e5 frakte gjester til og fra \u00f8ya eller p\u00e5 sightseeing p\u00e5 fjorden.<\/li>\n<li><em>B\u00e5tbygger Filip Ud\u00f8 og b\u00e5tbyggerl\u00e6rling Hakan Akyildiz<\/em><br \/>\nFilip og Hakan er vanligvis \u00e5 finne i verkstedbua, p\u00e5 slippen eller i snekkerverkstedet, hvis de ikke er ute p\u00e5 oppdrag p\u00e5 eksterne b\u00e5ter. Uten de dyktige b\u00e5tbyggerne v\u00e5re ville mange av kystlagets treb\u00e5ter forfalt.<\/li>\n<\/ul>\n<p style=\"text-align: left;\">I tillegg har vi ansatt flere sesongarbeidere i sommersesongen.<\/p>\n<\/div>\n<\/div><\/div><div id=\"panel-205-3-0-2\" class=\"so-panel widget widget_sow-image panel-last-child\" data-index=\"5\" ><div\n\t\t\t\n\t\t\tclass=\"so-widget-sow-image so-widget-sow-image-default-8b5b6f678277-205\"\n\t\t\t\n\t\t>\n<div class=\"sow-image-container\">\n\t\t<img \n\tsrc=\"https:\/\/www.bragdoya.no\/wp-content\/uploads\/2023\/12\/Ansatte23.jpg\" width=\"624\" height=\"360\" srcset=\"https:\/\/www.bragdoya.no\/wp-content\/uploads\/2023\/12\/Ansatte23.jpg 624w, https:\/\/www.bragdoya.no\/wp-content\/uploads\/2023\/12\/Ansatte23-300x173.jpg 300w, https:\/\/www.bragdoya.no\/wp-content\/uploads\/2023\/12\/Ansatte23-18x10.jpg 18w\" sizes=\"(max-width: 624px) 100vw, 624px\" alt=\"\" loading=\"lazy\" \t\tclass=\"so-widget-image\"\/>\n\t<\/div>\n\n<\/div><\/div><\/div><\/div><\/div><\/div>","protected":false},"excerpt":{"rendered":"<p>OM BRAGD\u00d8YA Bragd\u00f8ya er et kommunalt friomr\u00e5de i hjertet av Kristiansands byfjord. Omr\u00e5det omfatter ogs\u00e5 Timlingene, Svensholmen, Blomster\u00f8ya, Lang\u00f8ya, Ragnhildsholmen og Hestehauet. I alt 925 m\u00e5l skj\u00e6rg\u00e5rdsnatur og kulturhistorie som tilh\u00f8rer allmennheten. P\u00e5 vestsiden av \u00f8ya finner du Kystkultursenteret som spiller en sentral rolle i utviklingen av Bragd\u00f8ya som friluftsomr\u00e5de. Det er Bragd\u00f8ya kystlag har&hellip; <br \/> <a class=\"read-more\" href=\"https:\/\/www.bragdoya.no\/index.php\/om-oss\/bragdoya-og-kystkultursenteret\/\">Read more<\/a><\/p>\n","protected":false},"author":1,"featured_media":0,"parent":87,"menu_order":1,"comment_status":"closed","ping_status":"closed","template":"","meta":[],"_links":{"self":[{"href":"https:\/\/www.bragdoya.no\/index.php\/wp-json\/wp\/v2\/pages\/205"}],"collection":[{"href":"https:\/\/www.bragdoya.no\/index.php\/wp-json\/wp\/v2\/pages"}],"about":[{"href":"https:\/\/www.bragdoya.no\/index.php\/wp-json\/wp\/v2\/types\/page"}],"author":[{"embeddable":true,"href":"https:\/\/www.bragdoya.no\/index.php\/wp-json\/wp\/v2\/users\/1"}],"replies":[{"embeddable":true,"href":"https:\/\/www.bragdoya.no\/index.php\/wp-json\/wp\/v2\/comments?post=205"}],"version-history":[{"count":63,"href":"https:\/\/www.bragdoya.no\/index.php\/wp-json\/wp\/v2\/pages\/205\/revisions"}],"predecessor-version":[{"id":11005,"href":"https:\/\/www.bragdoya.no\/index.php\/wp-json\/wp\/v2\/pages\/205\/revisions\/11005"}],"up":[{"embeddable":true,"href":"https:\/\/www.bragdoya.no\/index.php\/wp-json\/wp\/v2\/pages\/87"}],"wp:attachment":[{"href":"https:\/\/www.bragdoya.no\/index.php\/wp-json\/wp\/v2\/media?parent=205"}],"curies":[{"name":"wp","href":"https:\/\/api.w.org\/{rel}","templated":true}]}}